{"id":1183,"date":"2022-09-15T06:56:07","date_gmt":"2022-09-15T06:56:07","guid":{"rendered":"https:\/\/www.lelli-architectes.com\/?page_id=1183"},"modified":"2022-10-26T14:21:03","modified_gmt":"2022-10-26T12:21:03","slug":"fort-de-france","status":"publish","type":"page","link":"https:\/\/www.lelli-architectes.com\/index.php\/logements\/fort-de-france\/","title":{"rendered":"Fort-de-France"},"content":{"rendered":"<div id=\"pl-1183\"  class=\"panel-layout\" ><div id=\"pg-1183-0\"  class=\"panel-grid panel-has-style\" ><div class=\"bandeau_titre panel-row-style panel-row-style-for-1183-0\" ><div id=\"pgc-1183-0-0\"  class=\"panel-grid-cell\" ><div id=\"panel-1183-0-0-0\" class=\"widget_text so-panel widget widget_custom_html panel-first-child panel-last-child\" data-index=\"0\" ><div class=\"widget_text titre-projet-c1 panel-widget-style panel-widget-style-for-1183-0-0-0\" ><div class=\"textwidget custom-html-widget\"><h1>Fort-de-France | 32 logements LLS<\/h1><\/div><\/div><\/div><\/div><div id=\"pgc-1183-0-1\"  class=\"panel-grid-cell\" ><div id=\"panel-1183-0-1-0\" class=\"so-panel widget widget_sow-button panel-first-child panel-last-child\" data-index=\"1\" ><div\n\t\t\t\n\t\t\tclass=\"so-widget-sow-button so-widget-sow-button-flat-3462681f42ba-1183\"\n\t\t\t\n\t\t><div class=\"ow-button-base ow-button-align-left\"\n>\n\t\t\t<a\n\t\t\t\t\thref=\"https:\/\/www.lelli-architectes.com\/index.php\/logements\/\"\n\t\t\t\t\tclass=\"sowb-button ow-icon-placement-left ow-button-hover\" \t>\n\t\t<span>\n\t\t\t<span class=\"sow-icon-fontawesome sow-far\" data-sow-icon=\"&#xf0a5;\"\n\t\tstyle=\"color: #ffffff\" \n\t\taria-hidden=\"true\"><\/span>\n\t\t\tRetour \u00e0 la liste des r\u00e9f\u00e9rences\t\t<\/span>\n\t\t\t<\/a>\n\t<\/div>\n<\/div><\/div><\/div><\/div><\/div><div id=\"pg-1183-1\"  class=\"panel-grid panel-no-style\" ><div id=\"pgc-1183-1-0\"  class=\"panel-grid-cell\" ><div id=\"panel-1183-1-0-0\" class=\"so-panel widget widget_sow-editor panel-first-child panel-last-child\" data-index=\"2\" ><div class=\"projet panel-widget-style panel-widget-style-for-1183-1-0-0\" ><div\n\t\t\t\n\t\t\tclass=\"so-widget-sow-editor so-widget-sow-editor-base\"\n\t\t\t\n\t\t>\n<div class=\"siteorigin-widget-tinymce textwidget\">\n\t<h6>CHANTIER<\/h6>\n<\/div>\n<\/div><\/div><\/div><\/div><\/div><div id=\"pg-1183-2\"  class=\"panel-grid panel-no-style\" ><div id=\"pgc-1183-2-0\"  class=\"panel-grid-cell\" ><div id=\"panel-1183-2-0-0\" class=\"so-panel widget widget_sow-editor panel-first-child panel-last-child\" data-index=\"3\" ><div class=\"projet panel-widget-style panel-widget-style-for-1183-2-0-0\" ><div\n\t\t\t\n\t\t\tclass=\"so-widget-sow-editor so-widget-sow-editor-base\"\n\t\t\t\n\t\t>\n<div class=\"siteorigin-widget-tinymce textwidget\">\n\t<h2>MISSION :<\/h2>\n<p>MOP Base + Ex\u00e9<\/p>\n<h2>MO\u00a0:<\/h2>\n<p>SIMAR<\/p>\n<h2>LIEU :<\/h2>\n<p>Ravine Vilaine<br \/>\n97 200 Fort-de-France<\/p>\n<h2>SDP :<\/h2>\n<p>1 774 m\u00b2<\/p>\n<h2>TRAVAUX :<\/h2>\n<p>2 902 417 \u20ac HT<\/p>\n<\/div>\n<\/div><\/div><\/div><\/div><div id=\"pgc-1183-2-1\"  class=\"panel-grid-cell\" ><div id=\"panel-1183-2-1-0\" class=\"so-panel widget widget_sow-editor panel-first-child\" data-index=\"4\" ><div\n\t\t\t\n\t\t\tclass=\"so-widget-sow-editor so-widget-sow-editor-base\"\n\t\t\t\n\t\t>\n<div class=\"siteorigin-widget-tinymce textwidget\">\n\t<p>Logements ventil\u00e9s naturellement.<br \/>\nLoggias et jardins pour tous les logements.<br \/>\nTous les logements traversants ou trois c\u00f4t\u00e9s.<\/p>\n<\/div>\n<\/div><\/div><div id=\"panel-1183-2-1-1\" class=\"widget_text so-panel widget widget_custom_html panel-last-child\" data-index=\"5\" ><div class=\"textwidget custom-html-widget\"><span class=\"rl-gallery-container rl-loading\" id=\"rl-gallery-container-1\" data-gallery_id=\"1182\"> <span class=\"rl-gallery rl-hidden-gallery rl-hidden-image \" id=\"rl-gallery-1\" data-gallery_no=\"1\"> <a href=\"https:\/\/www.lelli-architectes.com\/wp-content\/uploads\/2022\/09\/fort-de-france-Ormosia.jpg\" class=\"gal rl-gallery-link\" title=\"\" data-rl_title=\"\" data-rl_caption=\"\" data-rel=\"lightbox-gallery-1\" data-magnific_type=\"gallery\"><img loading=\"lazy\" decoding=\"async\" src=\"https:\/\/www.lelli-architectes.com\/wp-content\/uploads\/2022\/09\/fort-de-france-Ormosia-150x150.jpg\" width=\"150\" height=\"150\" alt=\"Lelli architectes\"\/><\/a><span class=\"rl-gallery-title\"><\/span> <\/span> <\/span><\/div><\/div><\/div><\/div><div id=\"pg-1183-3\"  class=\"panel-grid panel-no-style\" ><div id=\"pgc-1183-3-0\"  class=\"panel-grid-cell panel-grid-cell-empty\" ><\/div><\/div><\/div>","protected":false},"excerpt":{"rendered":"<p>CHANTIER<\/p>\n","protected":false},"author":1,"featured_media":1180,"parent":815,"menu_order":15,"comment_status":"closed","ping_status":"closed","template":"","meta":{"footnotes":""},"class_list":["post-1183","page","type-page","status-publish","has-post-thumbnail","hentry","post"],"_links":{"self":[{"href":"https:\/\/www.lelli-architectes.com\/index.php\/wp-json\/wp\/v2\/pages\/1183","targetHints":{"allow":["GET"]}}],"collection":[{"href":"https:\/\/www.lelli-architectes.com\/index.php\/wp-json\/wp\/v2\/pages"}],"about":[{"href":"https:\/\/www.lelli-architectes.com\/index.php\/wp-json\/wp\/v2\/types\/page"}],"author":[{"embeddable":true,"href":"https:\/\/www.lelli-architectes.com\/index.php\/wp-json\/wp\/v2\/users\/1"}],"replies":[{"embeddable":true,"href":"https:\/\/www.lelli-architectes.com\/index.php\/wp-json\/wp\/v2\/comments?post=1183"}],"version-history":[{"count":11,"href":"https:\/\/www.lelli-architectes.com\/index.php\/wp-json\/wp\/v2\/pages\/1183\/revisions"}],"predecessor-version":[{"id":3108,"href":"https:\/\/www.lelli-architectes.com\/index.php\/wp-json\/wp\/v2\/pages\/1183\/revisions\/3108"}],"up":[{"embeddable":true,"href":"https:\/\/www.lelli-architectes.com\/index.php\/wp-json\/wp\/v2\/pages\/815"}],"wp:featuredmedia":[{"embeddable":true,"href":"https:\/\/www.lelli-architectes.com\/index.php\/wp-json\/wp\/v2\/media\/1180"}],"wp:attachment":[{"href":"https:\/\/www.lelli-architectes.com\/index.php\/wp-json\/wp\/v2\/media?parent=1183"}],"curies":[{"name":"wp","href":"https:\/\/api.w.org\/{rel}","templated":true}]}}