{"id":2304,"date":"2022-10-10T20:19:18","date_gmt":"2022-10-10T18:19:18","guid":{"rendered":"https:\/\/www.lelli-architectes.com\/?page_id=2304"},"modified":"2022-10-26T14:12:23","modified_gmt":"2022-10-26T12:12:23","slug":"saint-pierre-des-corps","status":"publish","type":"page","link":"https:\/\/www.lelli-architectes.com\/index.php\/equipements\/saint-pierre-des-corps\/","title":{"rendered":"Saint-Pierre-des-Corps"},"content":{"rendered":"<div id=\"pl-2304\"  class=\"panel-layout\" ><div id=\"pg-2304-0\"  class=\"panel-grid panel-has-style\" ><div class=\"bandeau_titre panel-row-style panel-row-style-for-2304-0\" ><div id=\"pgc-2304-0-0\"  class=\"panel-grid-cell\" ><div id=\"panel-2304-0-0-0\" class=\"widget_text so-panel widget widget_custom_html panel-first-child panel-last-child\" data-index=\"0\" ><div class=\"widget_text titre-projet-c1 panel-widget-style panel-widget-style-for-2304-0-0-0\" ><div class=\"textwidget custom-html-widget\"><h1>Saint-Pierre-des-Corps | Groupe scolaire Henri Wallon<\/h1><\/div><\/div><\/div><\/div><div id=\"pgc-2304-0-1\"  class=\"panel-grid-cell\" ><div id=\"panel-2304-0-1-0\" class=\"so-panel widget widget_sow-button panel-first-child panel-last-child\" data-index=\"1\" ><div\n\t\t\t\n\t\t\tclass=\"so-widget-sow-button so-widget-sow-button-flat-3462681f42ba-2304\"\n\t\t\t\n\t\t><div class=\"ow-button-base ow-button-align-left\"\n>\n\t\t\t<a\n\t\t\t\t\thref=\"https:\/\/www.lelli-architectes.com\/index.php\/equipements\/\"\n\t\t\t\t\tclass=\"sowb-button ow-icon-placement-left ow-button-hover\" \t>\n\t\t<span>\n\t\t\t<span class=\"sow-icon-fontawesome sow-far\" data-sow-icon=\"&#xf0a5;\"\n\t\tstyle=\"color: #ffffff\" \n\t\taria-hidden=\"true\"><\/span>\n\t\t\tRetour \u00e0 la liste des r\u00e9f\u00e9rences\t\t<\/span>\n\t\t\t<\/a>\n\t<\/div>\n<\/div><\/div><\/div><\/div><\/div><div id=\"pg-2304-1\"  class=\"panel-grid panel-no-style\" ><div id=\"pgc-2304-1-0\"  class=\"panel-grid-cell\" ><div id=\"panel-2304-1-0-0\" class=\"so-panel widget widget_sow-editor panel-first-child panel-last-child\" data-index=\"2\" ><div class=\"projet panel-widget-style panel-widget-style-for-2304-1-0-0\" ><div\n\t\t\t\n\t\t\tclass=\"so-widget-sow-editor so-widget-sow-editor-base\"\n\t\t\t\n\t\t>\n<div class=\"siteorigin-widget-tinymce textwidget\">\n\t<h6>R\u00c9ALIS\u00c9<\/h6>\n<\/div>\n<\/div><\/div><\/div><\/div><\/div><div id=\"pg-2304-2\"  class=\"panel-grid panel-no-style\" ><div id=\"pgc-2304-2-0\"  class=\"panel-grid-cell\" ><div id=\"panel-2304-2-0-0\" class=\"so-panel widget widget_sow-editor panel-first-child panel-last-child\" data-index=\"3\" ><div class=\"projet panel-widget-style panel-widget-style-for-2304-2-0-0\" ><div\n\t\t\t\n\t\t\tclass=\"so-widget-sow-editor so-widget-sow-editor-base\"\n\t\t\t\n\t\t>\n<div class=\"siteorigin-widget-tinymce textwidget\">\n\t<h2>MISSION :<\/h2>\n<p>MOP Base<\/p>\n<h2>MO\u00a0:<\/h2>\n<p>Communaut\u00e9 d'agglo Tour(s) Plus<\/p>\n<h2>LIEU :<\/h2>\n<p>Rue de l'Aubri\u00e8re<br \/>\n37 700 Saint-Pierre-des-Corps<\/p>\n<h2>SDP :<\/h2>\n<p>2 983 m\u00b2<\/p>\n<h2>TRAVAUX :<\/h2>\n<p>4 240 000 \u20ac HT<\/p>\n<\/div>\n<\/div><\/div><\/div><\/div><div id=\"pgc-2304-2-1\"  class=\"panel-grid-cell\" ><div id=\"panel-2304-2-1-0\" class=\"so-panel widget widget_sow-editor panel-first-child\" data-index=\"4\" ><div\n\t\t\t\n\t\t\tclass=\"so-widget-sow-editor so-widget-sow-editor-base\"\n\t\t\t\n\t\t>\n<div class=\"siteorigin-widget-tinymce textwidget\">\n\t<p>27 esp\u00e8ces d'arbres pour l'\u00e9veil SVT.<br \/>\nConstruction en zone inondable (PPRI Loire).<br \/>\nPremi\u00e8re construction en b\u00e9ton tricolore.<br \/>\nCodiciles peints pour la signal\u00e9tique des classes.<\/p>\n<\/div>\n<\/div><\/div><div id=\"panel-2304-2-1-1\" class=\"widget_text so-panel widget widget_custom_html panel-last-child\" data-index=\"5\" ><div class=\"textwidget custom-html-widget\"><span class=\"rl-gallery-container rl-loading\" id=\"rl-gallery-container-1\" data-gallery_id=\"2302\"> <span class=\"rl-gallery rl-hidden-gallery rl-hidden-image \" id=\"rl-gallery-1\" data-gallery_no=\"1\"> <a href=\"https:\/\/www.lelli-architectes.com\/wp-content\/uploads\/2022\/10\/ST-Pierre-des-Corps-13.jpg\" class=\"gal rl-gallery-link\" title=\"\" data-rl_title=\"\" data-rl_caption=\"\" data-rel=\"lightbox-gallery-1\" data-magnific_type=\"gallery\"><img loading=\"lazy\" decoding=\"async\" src=\"https:\/\/www.lelli-architectes.com\/wp-content\/uploads\/2022\/10\/ST-Pierre-des-Corps-13-150x150.jpg\" width=\"150\" height=\"150\" alt=\"Lelli architectes\"\/><\/a><span class=\"rl-gallery-title\"><\/span> <a href=\"https:\/\/www.lelli-architectes.com\/wp-content\/uploads\/2022\/10\/ST-Pierre-des-Corps-11.jpg\" title=\"\" data-rl_title=\"\" class=\"rl-gallery-link\" data-rl_caption=\"\" data-rel=\"lightbox-gallery-1\" data-magnific_type=\"gallery\" style=\"display: none;\"><img loading=\"lazy\" decoding=\"async\" src=\"https:\/\/www.lelli-architectes.com\/wp-content\/uploads\/2022\/10\/ST-Pierre-des-Corps-11-150x150.jpg\" width=\"150\" height=\"150\" alt=\"Lelli architectes\"\/><\/a><a href=\"https:\/\/www.lelli-architectes.com\/wp-content\/uploads\/2022\/10\/ST-Pierre-des-Corps-03.jpg\" title=\"\" data-rl_title=\"\" class=\"rl-gallery-link\" data-rl_caption=\"\" data-rel=\"lightbox-gallery-1\" data-magnific_type=\"gallery\" style=\"display: none;\"><img loading=\"lazy\" decoding=\"async\" src=\"https:\/\/www.lelli-architectes.com\/wp-content\/uploads\/2022\/10\/ST-Pierre-des-Corps-03-150x150.jpg\" width=\"150\" height=\"150\" alt=\"Lelli architectes\"\/><\/a><a href=\"https:\/\/www.lelli-architectes.com\/wp-content\/uploads\/2022\/10\/ST-Pierre-des-Corps-02.jpg\" title=\"\" data-rl_title=\"\" class=\"rl-gallery-link\" data-rl_caption=\"\" data-rel=\"lightbox-gallery-1\" data-magnific_type=\"gallery\" style=\"display: none;\"><img loading=\"lazy\" decoding=\"async\" src=\"https:\/\/www.lelli-architectes.com\/wp-content\/uploads\/2022\/10\/ST-Pierre-des-Corps-02-150x150.jpg\" width=\"150\" height=\"150\" alt=\"Lelli architectes\"\/><\/a><a href=\"https:\/\/www.lelli-architectes.com\/wp-content\/uploads\/2022\/10\/ST-Pierre-des-Corps-01.jpg\" title=\"\" data-rl_title=\"\" class=\"rl-gallery-link\" data-rl_caption=\"\" data-rel=\"lightbox-gallery-1\" data-magnific_type=\"gallery\" style=\"display: none;\"><img loading=\"lazy\" decoding=\"async\" src=\"https:\/\/www.lelli-architectes.com\/wp-content\/uploads\/2022\/10\/ST-Pierre-des-Corps-01-150x150.jpg\" width=\"150\" height=\"150\" alt=\"Lelli architectes\"\/><\/a><a href=\"https:\/\/www.lelli-architectes.com\/wp-content\/uploads\/2022\/10\/ST-Pierre-des-Corps-04.jpg\" title=\"\" data-rl_title=\"\" class=\"rl-gallery-link\" data-rl_caption=\"\" data-rel=\"lightbox-gallery-1\" data-magnific_type=\"gallery\" style=\"display: none;\"><img loading=\"lazy\" decoding=\"async\" src=\"https:\/\/www.lelli-architectes.com\/wp-content\/uploads\/2022\/10\/ST-Pierre-des-Corps-04-150x150.jpg\" width=\"150\" height=\"150\" alt=\"Lelli architectes\"\/><\/a><a href=\"https:\/\/www.lelli-architectes.com\/wp-content\/uploads\/2022\/10\/ST-Pierre-des-Corps-05.jpg\" title=\"\" data-rl_title=\"\" class=\"rl-gallery-link\" data-rl_caption=\"\" data-rel=\"lightbox-gallery-1\" data-magnific_type=\"gallery\" style=\"display: none;\"><img loading=\"lazy\" decoding=\"async\" src=\"https:\/\/www.lelli-architectes.com\/wp-content\/uploads\/2022\/10\/ST-Pierre-des-Corps-05-150x150.jpg\" width=\"150\" height=\"150\" alt=\"Lelli architectes\"\/><\/a><a href=\"https:\/\/www.lelli-architectes.com\/wp-content\/uploads\/2022\/10\/ST-Pierre-des-Corps-06.jpg\" title=\"\" data-rl_title=\"\" class=\"rl-gallery-link\" data-rl_caption=\"\" data-rel=\"lightbox-gallery-1\" data-magnific_type=\"gallery\" style=\"display: none;\"><img loading=\"lazy\" decoding=\"async\" src=\"https:\/\/www.lelli-architectes.com\/wp-content\/uploads\/2022\/10\/ST-Pierre-des-Corps-06-150x150.jpg\" width=\"150\" height=\"150\" alt=\"Lelli architectes\"\/><\/a><a href=\"https:\/\/www.lelli-architectes.com\/wp-content\/uploads\/2022\/10\/ST-Pierre-des-Corps-07.jpg\" title=\"\" data-rl_title=\"\" class=\"rl-gallery-link\" data-rl_caption=\"\" data-rel=\"lightbox-gallery-1\" data-magnific_type=\"gallery\" style=\"display: none;\"><img loading=\"lazy\" decoding=\"async\" src=\"https:\/\/www.lelli-architectes.com\/wp-content\/uploads\/2022\/10\/ST-Pierre-des-Corps-07-150x150.jpg\" width=\"150\" height=\"150\" alt=\"Lelli architectes\"\/><\/a><a href=\"https:\/\/www.lelli-architectes.com\/wp-content\/uploads\/2022\/10\/ST-Pierre-des-Corps-08.jpg\" title=\"\" data-rl_title=\"\" class=\"rl-gallery-link\" data-rl_caption=\"\" data-rel=\"lightbox-gallery-1\" data-magnific_type=\"gallery\" style=\"display: none;\"><img loading=\"lazy\" decoding=\"async\" src=\"https:\/\/www.lelli-architectes.com\/wp-content\/uploads\/2022\/10\/ST-Pierre-des-Corps-08-150x150.jpg\" width=\"150\" height=\"150\" alt=\"Lelli architectes\"\/><\/a><a href=\"https:\/\/www.lelli-architectes.com\/wp-content\/uploads\/2022\/10\/ST-Pierre-des-Corps-09.jpg\" title=\"\" data-rl_title=\"\" class=\"rl-gallery-link\" data-rl_caption=\"\" data-rel=\"lightbox-gallery-1\" data-magnific_type=\"gallery\" style=\"display: none;\"><img loading=\"lazy\" decoding=\"async\" src=\"https:\/\/www.lelli-architectes.com\/wp-content\/uploads\/2022\/10\/ST-Pierre-des-Corps-09-150x150.jpg\" width=\"150\" height=\"150\" alt=\"Lelli architectes\"\/><\/a><a href=\"https:\/\/www.lelli-architectes.com\/wp-content\/uploads\/2022\/10\/ST-Pierre-des-Corps-12.jpg\" title=\"\" data-rl_title=\"\" class=\"rl-gallery-link\" data-rl_caption=\"\" data-rel=\"lightbox-gallery-1\" data-magnific_type=\"gallery\" style=\"display: none;\"><img loading=\"lazy\" decoding=\"async\" src=\"https:\/\/www.lelli-architectes.com\/wp-content\/uploads\/2022\/10\/ST-Pierre-des-Corps-12-150x150.jpg\" width=\"150\" height=\"150\" alt=\"Lelli architectes\"\/><\/a><a href=\"https:\/\/www.lelli-architectes.com\/wp-content\/uploads\/2022\/10\/ST-Pierre-des-Corps-10.jpg\" title=\"\" data-rl_title=\"\" class=\"rl-gallery-link\" data-rl_caption=\"\" data-rel=\"lightbox-gallery-1\" data-magnific_type=\"gallery\" style=\"display: none;\"><img loading=\"lazy\" decoding=\"async\" src=\"https:\/\/www.lelli-architectes.com\/wp-content\/uploads\/2022\/10\/ST-Pierre-des-Corps-10-150x150.jpg\" width=\"150\" height=\"150\" alt=\"Lelli architectes\"\/><\/a> <\/span> <\/span><\/div><\/div><\/div><\/div><div id=\"pg-2304-3\"  class=\"panel-grid panel-no-style\" ><div id=\"pgc-2304-3-0\"  class=\"panel-grid-cell panel-grid-cell-empty\" ><\/div><\/div><\/div>","protected":false},"excerpt":{"rendered":"<p>R\u00c9ALIS\u00c9<\/p>\n","protected":false},"author":1,"featured_media":2301,"parent":775,"menu_order":17,"comment_status":"closed","ping_status":"closed","template":"","meta":{"footnotes":""},"class_list":["post-2304","page","type-page","status-publish","has-post-thumbnail","hentry","post"],"_links":{"self":[{"href":"https:\/\/www.lelli-architectes.com\/index.php\/wp-json\/wp\/v2\/pages\/2304","targetHints":{"allow":["GET"]}}],"collection":[{"href":"https:\/\/www.lelli-architectes.com\/index.php\/wp-json\/wp\/v2\/pages"}],"about":[{"href":"https:\/\/www.lelli-architectes.com\/index.php\/wp-json\/wp\/v2\/types\/page"}],"author":[{"embeddable":true,"href":"https:\/\/www.lelli-architectes.com\/index.php\/wp-json\/wp\/v2\/users\/1"}],"replies":[{"embeddable":true,"href":"https:\/\/www.lelli-architectes.com\/index.php\/wp-json\/wp\/v2\/comments?post=2304"}],"version-history":[{"count":10,"href":"https:\/\/www.lelli-architectes.com\/index.php\/wp-json\/wp\/v2\/pages\/2304\/revisions"}],"predecessor-version":[{"id":3072,"href":"https:\/\/www.lelli-architectes.com\/index.php\/wp-json\/wp\/v2\/pages\/2304\/revisions\/3072"}],"up":[{"embeddable":true,"href":"https:\/\/www.lelli-architectes.com\/index.php\/wp-json\/wp\/v2\/pages\/775"}],"wp:featuredmedia":[{"embeddable":true,"href":"https:\/\/www.lelli-architectes.com\/index.php\/wp-json\/wp\/v2\/media\/2301"}],"wp:attachment":[{"href":"https:\/\/www.lelli-architectes.com\/index.php\/wp-json\/wp\/v2\/media?parent=2304"}],"curies":[{"name":"wp","href":"https:\/\/api.w.org\/{rel}","templated":true}]}}