{"id":3512,"date":"2025-10-25T17:44:39","date_gmt":"2025-10-25T15:44:39","guid":{"rendered":"https:\/\/www.lelli-architectes.com\/?page_id=3512"},"modified":"2025-10-27T13:42:44","modified_gmt":"2025-10-27T12:42:44","slug":"marnes-la-coquette-grand-manege","status":"publish","type":"page","link":"https:\/\/www.lelli-architectes.com\/index.php\/equipements\/marnes-la-coquette-grand-manege\/","title":{"rendered":"Marnes-la-Coquette &#8211; Grand man\u00e8ge"},"content":{"rendered":"<div id=\"pl-3512\"  class=\"panel-layout\" ><div id=\"pg-3512-0\"  class=\"panel-grid panel-has-style\" ><div class=\"bandeau_titre panel-row-style panel-row-style-for-3512-0\" ><div id=\"pgc-3512-0-0\"  class=\"panel-grid-cell\" ><div id=\"panel-3512-0-0-0\" class=\"widget_text so-panel widget widget_custom_html panel-first-child panel-last-child\" data-index=\"0\" ><div class=\"widget_text titre-projet-c1 panel-widget-style panel-widget-style-for-3512-0-0-0\" ><div class=\"textwidget custom-html-widget\"><h1>Marnes-la-Coquette | Grand man\u00e8ge<\/h1><\/div><\/div><\/div><\/div><div id=\"pgc-3512-0-1\"  class=\"panel-grid-cell\" ><div id=\"panel-3512-0-1-0\" class=\"so-panel widget widget_sow-button panel-first-child panel-last-child\" data-index=\"1\" ><div\n\t\t\t\n\t\t\tclass=\"so-widget-sow-button so-widget-sow-button-flat-107f7a083ce8-3512\"\n\t\t\t\n\t\t><div class=\"ow-button-base ow-button-align-left\"\n>\n\t\t\t<a\n\t\t\t\t\thref=\"https:\/\/www.lelli-architectes.com\/index.php\/equipements\/\"\n\t\t\t\t\tclass=\"sowb-button ow-icon-placement-left ow-button-hover\" \t>\n\t\t<span>\n\t\t\t<span class=\"sow-icon-fontawesome sow-far\" data-sow-icon=\"&#xf0a5;\"\n\t\tstyle=\"color: #ffffff\" \n\t\taria-hidden=\"true\"><\/span>\n\t\t\tRetour \u00e0 la liste des r\u00e9f\u00e9rences\t\t<\/span>\n\t\t\t<\/a>\n\t<\/div>\n<\/div><\/div><\/div><\/div><\/div><div id=\"pg-3512-1\"  class=\"panel-grid panel-no-style\" ><div id=\"pgc-3512-1-0\"  class=\"panel-grid-cell\" ><div id=\"panel-3512-1-0-0\" class=\"so-panel widget widget_sow-editor panel-first-child panel-last-child\" data-index=\"2\" ><div class=\"projet panel-widget-style panel-widget-style-for-3512-1-0-0\" ><div\n\t\t\t\n\t\t\tclass=\"so-widget-sow-editor so-widget-sow-editor-base\"\n\t\t\t\n\t\t>\n<div class=\"siteorigin-widget-tinymce textwidget\">\n\t<h6>\u00c9tudes en cours<\/h6>\n<\/div>\n<\/div><\/div><\/div><\/div><\/div><div id=\"pg-3512-2\"  class=\"panel-grid panel-no-style\" ><div id=\"pgc-3512-2-0\"  class=\"panel-grid-cell\" ><div id=\"panel-3512-2-0-0\" class=\"so-panel widget widget_sow-editor panel-first-child panel-last-child\" data-index=\"3\" ><div class=\"projet panel-widget-style panel-widget-style-for-3512-2-0-0\" ><div\n\t\t\t\n\t\t\tclass=\"so-widget-sow-editor so-widget-sow-editor-base\"\n\t\t\t\n\t\t>\n<div class=\"siteorigin-widget-tinymce textwidget\">\n\t<h2>MISSION :<\/h2>\n<p>Conception<\/p>\n<h2>MO\u00a0:<\/h2>\n<p>CD92<\/p>\n<h2>LIEU :<\/h2>\n<p>92 430 Marnes-la-Coquette<\/p>\n<h2>SDP :<\/h2>\n<p>2 050 m\u00b2<\/p>\n<h2>TRAVAUX :<\/h2>\n<p>5 190 000 \u20ac HT<\/p>\n<\/div>\n<\/div><\/div><\/div><\/div><div id=\"pgc-3512-2-1\"  class=\"panel-grid-cell\" ><div id=\"panel-3512-2-1-0\" class=\"so-panel widget widget_sow-editor panel-first-child\" data-index=\"4\" ><div\n\t\t\t\n\t\t\tclass=\"so-widget-sow-editor so-widget-sow-editor-base\"\n\t\t\t\n\t\t>\n<div class=\"siteorigin-widget-tinymce textwidget\">\n\t<p>Restructuration du grand man\u00e8ge des haras de Jardy.<\/p>\n<\/div>\n<\/div><\/div><div id=\"panel-3512-2-1-1\" class=\"so-panel widget widget_sow-editor panel-last-child\" data-index=\"5\" ><div\n\t\t\t\n\t\t\tclass=\"so-widget-sow-editor so-widget-sow-editor-base\"\n\t\t\t\n\t\t>\n<div class=\"siteorigin-widget-tinymce textwidget\">\n\t<span class=\"rl-gallery-container rl-loading\" id=\"rl-gallery-container-1\" data-gallery_id=\"3506\"> <span class=\"rl-gallery rl-hidden-gallery rl-hidden-image \" id=\"rl-gallery-1\" data-gallery_no=\"1\"> <a href=\"https:\/\/www.lelli-architectes.com\/wp-content\/uploads\/2025\/10\/Marnes-la-Coquette-manege-a.jpg\" class=\"gal rl-gallery-link\" title=\"\" data-rl_title=\"\" data-rl_caption=\"\" data-rel=\"lightbox-gallery-1\" data-magnific_type=\"gallery\"><img loading=\"lazy\" decoding=\"async\" src=\"https:\/\/www.lelli-architectes.com\/wp-content\/uploads\/2025\/10\/Marnes-la-Coquette-manege-a-150x150.jpg\" width=\"150\" height=\"150\" alt=\"\"\/><\/a><span class=\"rl-gallery-title\"><\/span> <\/span> <\/span>\n<\/div>\n<\/div><\/div><\/div><\/div><div id=\"pg-3512-3\"  class=\"panel-grid panel-no-style\" ><div id=\"pgc-3512-3-0\"  class=\"panel-grid-cell panel-grid-cell-empty\" ><\/div><\/div><\/div>","protected":false},"excerpt":{"rendered":"<p>\u00c9tudes en cours<\/p>\n","protected":false},"author":1,"featured_media":3496,"parent":775,"menu_order":1,"comment_status":"closed","ping_status":"closed","template":"","meta":{"footnotes":""},"class_list":["post-3512","page","type-page","status-publish","has-post-thumbnail","hentry","post"],"_links":{"self":[{"href":"https:\/\/www.lelli-architectes.com\/index.php\/wp-json\/wp\/v2\/pages\/3512","targetHints":{"allow":["GET"]}}],"collection":[{"href":"https:\/\/www.lelli-architectes.com\/index.php\/wp-json\/wp\/v2\/pages"}],"about":[{"href":"https:\/\/www.lelli-architectes.com\/index.php\/wp-json\/wp\/v2\/types\/page"}],"author":[{"embeddable":true,"href":"https:\/\/www.lelli-architectes.com\/index.php\/wp-json\/wp\/v2\/users\/1"}],"replies":[{"embeddable":true,"href":"https:\/\/www.lelli-architectes.com\/index.php\/wp-json\/wp\/v2\/comments?post=3512"}],"version-history":[{"count":3,"href":"https:\/\/www.lelli-architectes.com\/index.php\/wp-json\/wp\/v2\/pages\/3512\/revisions"}],"predecessor-version":[{"id":3531,"href":"https:\/\/www.lelli-architectes.com\/index.php\/wp-json\/wp\/v2\/pages\/3512\/revisions\/3531"}],"up":[{"embeddable":true,"href":"https:\/\/www.lelli-architectes.com\/index.php\/wp-json\/wp\/v2\/pages\/775"}],"wp:featuredmedia":[{"embeddable":true,"href":"https:\/\/www.lelli-architectes.com\/index.php\/wp-json\/wp\/v2\/media\/3496"}],"wp:attachment":[{"href":"https:\/\/www.lelli-architectes.com\/index.php\/wp-json\/wp\/v2\/media?parent=3512"}],"curies":[{"name":"wp","href":"https:\/\/api.w.org\/{rel}","templated":true}]}}